{"id":3,"date":"2020-03-25T15:04:30","date_gmt":"2020-03-25T15:04:30","guid":{"rendered":"https:\/\/www.serenanicoletti.it\/?page_id=3"},"modified":"2020-10-08T17:22:15","modified_gmt":"2020-10-08T15:22:15","slug":"privacy-policy","status":"publish","type":"page","link":"https:\/\/www.serenanicoletti.it\/en\/privacy-policy\/","title":{"rendered":"Privacy Policy"},"content":{"rendered":"<p style=\"-webkit-font-smoothing: antialiased; color: #1c1c1c; font-family: Quicksand, Quicksand; font-size: 16px; font-style: normal; font-weight: 400; letter-spacing: normal; text-transform: none; text-decoration-style: initial; text-decoration-color: initial;\">INFORMATIVA PRIVACY\u00a0\u2013 Serena Nicoletti Fotografia con sede a Catania, Italy.<br \/>\nIn ottemperanza degli obblighi derivanti dalla normativa nazionale (Codice Privacy) e comunitaria (Regolamento Generale europeo n. 679\/2016) in materia di tutela dei dati personali, Serena Nicoletti Fotografia rispetta e tutela la riservatezza dei visitatori e degli utenti. La presente informativa privacy si applica sia alla raccolta di informazioni dal sito web che da altri canali.<\/p>\n<p style=\"-webkit-font-smoothing: antialiased; color: #1c1c1c; font-family: Quicksand, Quicksand; font-size: 16px; font-style: normal; font-weight: 400; letter-spacing: normal; text-transform: none; text-decoration-style: initial; text-decoration-color: initial;\">1\u00a0\u2013\u00a0Base giuridica del trattamento<br \/>\nCon l\u2019uso o la consultazione del presente sito i visitatori e gli utenti approvano esplicitamente la presente informativa privacy e acconsentono al trattamento dei loro dati personali in relazione alle modalit\u00e0 e alle finalit\u00e0 di seguito descritte, compreso l\u2019eventuale diffusione a terzi se necessaria per l\u2019erogazione di un servizio.<br \/>\nIl conferimento dei dati e quindi il Consenso alla raccolta e al trattamento dei dati \u00e8 facoltativo, l\u2019Utente pu\u00f2 negare il consenso, e pu\u00f2 revocare in qualsiasi momento un consenso gi\u00e0 fornito. Tuttavia negare il consenso pu\u00f2 comportare l\u2019impossibilit\u00e0 di erogare alcuni servizi e l\u2019esperienza di navigazione nel sito sarebbe compromessa.<br \/>\nI dati dei Clienti registrati sono trattati in base al contratto in corso con Serena Nicoletti Fotografia, dal momento in cui il contratto \u00e8 stato concluso.<\/p>\n<p style=\"-webkit-font-smoothing: antialiased; color: #1c1c1c; font-family: Quicksand, Quicksand; font-size: 16px; font-style: normal; font-weight: 400; letter-spacing: normal; text-transform: none; text-decoration-style: initial; text-decoration-color: initial;\">2 \u2013 Finalit\u00e0\u00a0del trattamento<br \/>\nPer trattamento di dati personali si intende: registrazione, conservazione, organizzazione, consultazione, selezione, estrazione, raffronto, elaborazione, utilizzo, modificazione, interconnessione, blocco, comunicazione, cancellazione e distruzione, cessione o diffusione, ovvero la combinazione di due o pi\u00f9 di tali operazioni.<br \/>\nIl trattamento dei dati raccolti dal sito, oltre alle finalit\u00e0 connesse, strumentali e necessarie alla fornitura del servizio, \u00e8 volto alle seguenti finalit\u00e0:<br \/>\n2.1 \u2013\u00a0Statistica<br \/>\nRaccolta di dati e informazioni in forma esclusivamente aggregata e anonima al fine di verificare il corretto funzionamento del sito, per migliorare l\u2019esperienza dell\u2019utente e la piattaforma.<br \/>\nNessuna di queste informazioni \u00e8 correlata alla persona fisica-Utente del sito, e non ne consentono in alcun modo l\u2019identificazione.<br \/>\n2.2 \u2013\u00a0Sicurezza<br \/>\nRaccolta di dati e informazioni al fine di tutelare la sicurezza del sito e degli utenti (filtri antispam, firewall, rilevazione virus) e per prevenire o smascherare frodi o abusi a danno del sito web.<br \/>\nI dati sono registrati automaticamente e possono eventualmente comprendere anche dati personali (indirizzo IP) che potrebbero essere utilizzati, conformemente alle leggi vigenti in materia, al fine di bloccare tentativi di danneggiamento al sito medesimo o di recare danno ad altri utenti, o comunque attivit\u00e0 dannose o costituenti reato. Tali dati non sono mai utilizzati per l\u2019identificazione o la profilazione dell\u2019Utente e vengono cancellati periodicamente.<br \/>\n2.3 \u2013\u00a0Marketing\/Advertising<br \/>\nRaccolta di dati ed informazioni in via generale e particolare sugli orientamenti e le preferenze dell\u2019Utente; inviare materiale informativo e pubblicitario, anche di terzi; inviare comunicazioni commerciali, anche interattive; compiere attivit\u00e0 dirette di vendita o di collocamento di prodotti o servizi; elaborare studi e ricerche statistiche su vendite, clienti e altre informazioni, ed eventualmente comunicare le stesse a terze parti; cedere a terzi i dati raccolti ed elaborati a fini commerciali anche per la vendita o tentata vendita, ovvero per tutte quelle finalit\u00e0 a carattere commerciale e\/o statistico lecite, pubblicare recensioni dei nostri servizi.<br \/>\nTali dati, compreso eventualmente l\u2019IP e altri dati identificativi, sono utilizzati al fine di consentire a terze parti di inviare attraverso il presente sito al browser dell\u2019Utente annunci pertinenti agli interessi dell\u2019Utente e per misurare l\u2019efficacia dei messaggi pubblicitari. Tali annunci possono essere presentati anche su altri siti del circuito pubblicitario (remarketing o retargeting).<br \/>\nGli annunci pubblicati sul sito sono forniti in base ad accordi con aziende terze, che utilizzano dati raccolti da loro direttamente, per la quale raccolta il nostro sito funge da mero intermediario. Tali dati non includono il nome, l\u2019indirizzo, l\u2019indirizzo email o il numero di telefono, e vengono utilizzati per fornire annunci pubblicitari personalizzati su prodotti e servizi. Per ulteriori informazioni su tali servizi si prega di leggere le informazioni fornite dalle aziende terze, nelle quali sono indicate anche le opzioni per eventualmente disabilitare la raccolta di informazioni da parte di tali aziende.<br \/>\nUlteriori informazioni alle seguenti pagine web:<br \/>\n\u2013 circuito pubblicitario Google:\u00a0<a style=\"transition: color 0.11s ease-in-out 0s; color: #0073aa;\" href=\"https:\/\/www.google.com\/policies\/technologies\/ads\/\">https:\/\/www.google.com\/policies\/technologies\/ads\/<\/a><br \/>\n\u2013 circuito pubblicitario Facebook:\u00a0<a style=\"transition: color 0.11s ease-in-out 0s; color: #0073aa;\" href=\"https:\/\/www.facebook.com\/about\/privacy\/\">https:\/\/www.facebook.com\/about\/privacy\/<\/a><br \/>\n2.4\u00a0\u2013\u00a0Attivit\u00e0\u00a0accessorie<br \/>\nComunicare i dati a terze parti che svolgono funzioni necessarie o strumentali all\u2019operativit\u00e0 del servizio, e per consentire a terze parti di svolgere attivit\u00e0 tecniche, logistiche e di altro tipo per nostro conto.<br \/>\nIl presente sito si serve di fornitori per lo svolgimento di alcune attivit\u00e0, come evadere ordini, consegnare pacchi, inviare posta tradizionale, analizzare dati, fornire assistenza marketing, effettuare pagamenti con carte di credito e fornire servizi alla clientela.<br \/>\nI fornitori hanno accesso solo ai dati personali che sono necessari per svolgere i propri compiti, e si impegnano a non utilizzare i dati per altri scopi, e sono tenuti a trattare i dati personali in conformit\u00e0 delle normative vigenti.<br \/>\nQuesta categoria di dati viene conservata solo per il periodo di tempo necessario per la fornitura del servizio.<\/p>\n<p style=\"-webkit-font-smoothing: antialiased; color: #1c1c1c; font-family: Quicksand, Quicksand; font-size: 16px; font-style: normal; font-weight: 400; letter-spacing: normal; text-transform: none; text-decoration-style: initial; text-decoration-color: initial;\">3 \u2013\u00a0Dati raccolti<br \/>\nIl presente sito raccoglie dati degli utenti in due modi.<br \/>\n3.1 \u2013\u00a0Dati raccolti in maniera automatizzata<br \/>\nDurante la navigazione degli utenti possono essere raccolte le seguenti informazioni:<\/p>\n<ul style=\"padding-left: 1rem; color: #1c1c1c; font-family: Quicksand, Quicksand;\">\n<li style=\"line-height: 1.8;\">Indirizzo internet protocollo (IP);<\/li>\n<li style=\"line-height: 1.8;\">Tipo di browser;<\/li>\n<li style=\"line-height: 1.8;\">Parametri del dispositivo usato per connettersi al sito;<\/li>\n<li style=\"line-height: 1.8;\">Nome dell\u2019internet service provider (ISP);<\/li>\n<li style=\"line-height: 1.8;\">Data e orario di visita;<\/li>\n<li style=\"line-height: 1.8;\">Pagina web di provenienza del visitatore (referral) e di uscita;<\/li>\n<li style=\"line-height: 1.8;\">Click ai link, telefono, email;<\/li>\n<li style=\"line-height: 1.8;\">Percentuale di scroll;<\/li>\n<li style=\"line-height: 1.8;\">Eventualmente il numero di click.<\/li>\n<\/ul>\n<p style=\"-webkit-font-smoothing: antialiased; color: #1c1c1c; font-family: Quicksand, Quicksand; font-size: 16px; font-style: normal; font-weight: 400; letter-spacing: normal; text-transform: none; text-decoration-style: initial; text-decoration-color: initial;\">Questi dati vengono utilizzati per analizzare le tendenze degli utenti e raccogliere dati in forma aggregata, amministrare e garantire la sicurezza del sito, e non sono in alcun modo riconducibili all\u2019identit\u00e0 dell\u2019Utente.<br \/>\n3.2 \u2013\u00a0Dati conferiti volontariamente<br \/>\nIl sito pu\u00f2 raccogliere altri dati in caso di utilizzo volontario di servizi da parte degli utenti, quali servizi di commenti, di comunicazione (chat, moduli per contatti e invio email):<\/p>\n<ul style=\"padding-left: 1rem; color: #1c1c1c; font-family: Quicksand, Quicksand;\">\n<li style=\"line-height: 1.8;\">nome e cognome;<\/li>\n<li style=\"line-height: 1.8;\">numero di telefono;<\/li>\n<li style=\"line-height: 1.8;\">indirizzo email;<\/li>\n<li style=\"line-height: 1.8;\">indirizzo di residenza fisica;<\/li>\n<li style=\"line-height: 1.8;\">localizzazione geografica.<\/li>\n<\/ul>\n<p style=\"-webkit-font-smoothing: antialiased; color: #1c1c1c; font-family: Quicksand, Quicksand; font-size: 16px; font-style: normal; font-weight: 400; letter-spacing: normal; text-transform: none; text-decoration-style: initial; text-decoration-color: initial;\">Questi dati sono forniti volontariamente dall\u2019Utente al momento della richiesta del servizio, o dell\u2019inserimento del commento, e verranno utilizzati esclusivamente per l\u2019erogazione del servizio richiesto e trattati per il solo tempo necessario alla fornitura del servizio.<br \/>\nL\u2019indirizzo email \u00e8 utilizzato anche al fine di inviare materiale promozionale a utenti gi\u00e0 clienti, quindi nel contesto di un rapporto commerciale gi\u00e0 esistente. Il cliente pu\u00f2 sempre opporsi all\u2019invio di tali comunicazioni inviando una email con oggetto RIMOZIONE MAILING LIST, all\u2019indirizzo info@www.serenanicoletti.it<br \/>\nPer utenti non ancora clienti l\u2019invio di materiale promozionale \u00e8 subordinato alla raccolta del consenso, revocabile successivamente.<br \/>\nI dati rilevati dal sito non vengono forniti a terzi, a meno che non si tratti di legittima richiesta da parte dell\u2019autorit\u00e0 giudiziaria e nei soli casi previsti dalla legge. I dati per\u00f2 potranno essere forniti a terzi qualora ci\u00f2 sia necessario per la fornitura di uno specifico servizio richiesto dell\u2019Utente, oppure a fini fiscali o per l\u2019esecuzione di controlli di sicurezza o di ottimizzazione del sito.<\/p>\n<p style=\"-webkit-font-smoothing: antialiased; color: #1c1c1c; font-family: Quicksand, Quicksand; font-size: 16px; font-style: normal; font-weight: 400; letter-spacing: normal; text-transform: none; text-decoration-style: initial; text-decoration-color: initial;\">5 \u2013\u00a0Periodo di conservazione dei dati<br \/>\nI dati raccolti sono trattati per i tempi necessari agli scopi per i quali sono stati raccolti, e comunque non oltre i tempi prescritti dalle norme di legge.<br \/>\nI dati necessari a fini fiscali sono conservati fino a quando non siano definiti gli accertamenti relativi al corrispondente periodo di imposta, quindi per almeno 10 anni e pi\u00f9 se la relativa annualit\u00e0 non \u00e8 ancora prescritta ai fini fiscali.<br \/>\nAlla scadenza i dati saranno cancellati o anonimizzati, a meno che non sussistano ulteriori finalit\u00e0 per la conservazione degli stessi (es. obblighi di fornitura garanzia, obblighi fiscali).<\/p>\n<p style=\"-webkit-font-smoothing: antialiased; color: #1c1c1c; font-family: Quicksand, Quicksand; font-size: 16px; font-style: normal; font-weight: 400; letter-spacing: normal; text-transform: none; text-decoration-style: initial; text-decoration-color: initial;\">6 \u2013\u00a0Trasferimento dei dati raccolti a terze parti e a\u00a0paesi extra UE<br \/>\nI dati personali degli utenti\/clienti sono una componente essenziale del nostro lavoro e non rientra tra le nostre attivit\u00e0 la cessione a terzi. Tuttavia il presente sito nello svolgimento delle sue attivit\u00e0 e nell\u2019esecuzione dei servizi richiesti dagli utenti pu\u00f2 dover trasferire alcuni dati a terze parti che svolgono compiti specifici strumentali e collegati a quelli del sito, tra i quali: evasione ordini (es. acquisto domini), consegna posta, analisi dati, assistenza marketing, pagamenti con carte di credito, ecc\u2026 I fornitori hanno accesso ai\u00a0soli dati necessari per lo svolgimento del loro specifico compito, e sono tenuti a trattarli in conformit\u00e0 della presente Informativa.<br \/>\nNel caso di trasferimento di azienda o di unit\u00e0 produttive i dati personali dei Clienti rientrano nel patrimonio aziendale che viene trasferito, ma rimangono soggetti agli impegni previsti nella presente Informativa, salvo richieste di nuovo consenso.<br \/>\nNel caso in cui i dati siano trasferiti a aziende poste al di fuori dell\u2019Unione europea (ad esempio Google, Facebook e Microsoft \u2013 per LinkedIn, Instagram, Zoho e Skype), ci assicuriamo che siano trasferiti in conformit\u00e0 alle normative vigenti in materia e in particolare alle norme previste dal Regolamento Generale per la protezione dei dati personali. Il trasferimento \u00e8 autorizzato in base a specifiche decisioni dell\u2019Unione Europea e del Garante per la tutela dei dati personali\u00a0<a style=\"transition: color 0.11s ease-in-out 0s; color: #0073aa;\" href=\"http:\/\/www.garanteprivacy.it\/home\/provvedimenti-normativa\/normativa\/normativa-comunitaria-e-intenazionale\/trasferimento-dei-dati-verso-paesi-terzi\">http:\/\/www.garanteprivacy.it\/home\/provvedimenti-normativa\/normativa\/normativa-comunitaria-e-intenazionale\/trasferimento-dei-dati-verso-paesi-terzi<\/a>, in particolare la decisione 1250\/2016 (Privacy Shield\u00a0<a style=\"transition: color 0.11s ease-in-out 0s; color: #0073aa;\" href=\"https:\/\/eur-lex.europa.eu\/legal-content\/IT\/TXT\/?uri=CELEX%3A32016D125\">http:\/\/eur-lex.europa.eu\/legal-content\/IT\/TXT\/?uri=CELEX%3A32016D125<\/a>0 \u2013 qui la pagina informativa del Garante italiano\u00a0<a style=\"transition: color 0.11s ease-in-out 0s; color: #0073aa;\" href=\"http:\/\/www.garanteprivacy.it\/web\/guest\/home\/docweb\/-\/docweb-display\/docweb\/5306161\">http:\/\/www.garanteprivacy.it\/web\/guest\/home\/docweb\/-\/docweb-display\/docweb\/5306161<\/a>), per cui non occorre ulteriore consenso.<br \/>\nL\u2019utente con l\u2019attivazione del contratto acconsente espressamente al trasferimento dei dati nelle ipotesi sopra indicate.<\/p>\n<p style=\"-webkit-font-smoothing: antialiased; color: #1c1c1c; font-family: Quicksand, Quicksand; font-size: 16px; font-style: normal; font-weight: 400; letter-spacing: normal; text-transform: none; text-decoration-style: initial; text-decoration-color: initial;\">7\u00a0\u2013\u00a0Cookie<br \/>\nQuesto sito fa uso di cookie e tecnologie similari. I cookie permettono di conservare informazioni sulle preferenze dei visitatori, consentono di verificare il corretto funzionamento del sito e di migliorarne le funzionalit\u00e0 personalizzando il contenuto delle pagine in base al tipo del browser utilizzato, oppure per semplificarne la navigazione automatizzando le procedure (es. Login, lingua sito) e per l\u2019analisi dell\u2019uso del sito da parte dei visitatori.<br \/>\nIl presente sito fa uso delle seguenti categorie di cookie:<br \/>\nCookie tecnici<br \/>\nI cookie di questa categoria comprendono sia cookie persistenti che cookie di sessione, consentono di distinguere tra gli utenti collegati evitando che un servizio sia erogato all\u2019Utente sbagliato e quindi sono conseguenza di una espressa richiesta dell\u2019utente, e inoltre sono utilizzati per la sicurezza del sito e degli utenti stessi. In assenza di tali cookie, il sito o alcune porzioni di esso potrebbero non funzionare correttamente. I cookie di questa categoria vengono sempre inviati dal nostro dominio, e per essi non occorre consenso.<br \/>\nCookie analitici<br \/>\nI cookie di questa categoria sono utilizzati per raccogliere informazioni sul corretto utilizzo del sito e sul comportamento degli utenti a fini di analisi statistica, per migliorare il sito e semplificarne l\u2019utilizzo. Questo tipo di cookie raccoglie informazioni in forma anonima sull\u2019attivit\u00e0 degli utenti nel sito e sul modo in cui sono arrivati al sito e alle pagine visitate. I cookie di questa categoria vengono inviati dal sito stesso o da domini di terze parti.<br \/>\nCookie di terze parti<br \/>\nIl presente sito funge anche da intermediario per cookie di terze parti, utilizzati per poter fornire ulteriori servizi e funzionalit\u00e0 ai visitatori e per migliorare l\u2019uso del sito stesso, come i pulsanti per i social. Alcuni di questi cookie sono di profilazione, cio\u00e8 utilizzati dalle terze parti per raccogliere informazioni sul comportamento e gli interessi degli utenti al fine di fornire pubblicit\u00e0 personalizzata.<br \/>\n7.1 \u2013\u00a0Consenso per l\u2019uso dei cookie<br \/>\nUtilizzando il sito, continuando la navigazione del sito, oppure cliccando sul banner presente al primo accesso al sito, il visitatore acconsente espressamente all\u2019uso dei cookie e delle tecnologie similari, e in particolare alla registrazione di tali cookie sul suo terminale per le finalit\u00e0 sopra indicate, oppure all\u2019accesso tramite i cookie ad informazioni sul suo terminale.<br \/>\n7.2 \u2013\u00a0Rifiuto o revoca del consenso ai cookie<br \/>\nL\u2019utente pu\u00f2 rifiutare l\u2019utilizzo dei cookie e in qualsiasi momento pu\u00f2 revocare un consenso gi\u00e0 fornito. Poich\u00e9 i cookie sono collegati al browser utilizzato, POSSONO ESSERE DISABILITATI DIRETTAMENTE DAL BROWSER, cos\u00ec rifiutando\/revocando il consenso all\u2019uso dei cookie. LA DISABILITAZIONE DEI COOKIE POTREBBE IMPEDIRE IL CORRETTO UTILIZZO DI ALCUNE FUNZIONI DEL SITO STESSO, in particolare i servizi forniti da terze parti potrebbero non essere accessibili, e quindi potrebbero non essere visualizzabili: video di YouTube o altri servizi di condivisione video; i social button dei social network; le mappe di Google.<br \/>\nLe istruzioni per la disabilitazione dei cookie tramite browser, e per l\u2019eventuale eliminazione di cookie gi\u00e0 presenti sul dispositivo dell\u2019Utente, si trovano alle seguenti pagine web:<br \/>\nMozilla Firefox<br \/>\n<a style=\"transition: color 0.11s ease-in-out 0s; color: #0073aa;\" href=\"https:\/\/support.mozilla.org\/it\/kb\/Attivare%20e%20disattivare%20i%20cookie\">https:\/\/support.mozilla.org\/it\/kb\/Attivare%20e%20disattivare%20i%20cookie<\/a><br \/>\nWindows Internet Explorer<br \/>\n<a style=\"transition: color 0.11s ease-in-out 0s; color: #0073aa;\" href=\"https:\/\/support.microsoft.com\/en-us\/help\/278835\/how-to-delete-cookiefiles-in-internet-explorer\">https:\/\/support.microsoft.com\/en-us\/help\/278835\/how-to-delete-cookiefiles-in-internet-explorer<\/a><br \/>\nGoogle Chrome<br \/>\n<a style=\"transition: color 0.11s ease-in-out 0s; color: #0073aa;\" href=\"https:\/\/support.google.com\/chrome\/answer\/95647?hl=it\">https:\/\/support.google.com\/chrome\/answer\/95647?hl=it<\/a><br \/>\nOpera<br \/>\n<a style=\"transition: color 0.11s ease-in-out 0s; color: #0073aa;\" href=\"http:\/\/help.opera.com\/Windows\/10.00\/it\/cookies.html\">http:\/\/help.opera.com\/Windows\/10.00\/it\/cookies.html<\/a><br \/>\nApple Safari<br \/>\n<a style=\"transition: color 0.11s ease-in-out 0s; color: #0073aa;\" href=\"https:\/\/support.apple.com\/it-it\/HT201265\">https:\/\/support.apple.com\/it-it\/HT201265<\/a><br \/>\n\u00c8 possibile trovare ulteriori informazioni sui cookie e su come gestirli consultando il sito\u00a0<a style=\"transition: color 0.11s ease-in-out 0s; color: #0073aa;\" href=\"http:\/\/www.aboutcookies.org\/\">www.aboutcookies.org<\/a>.<br \/>\n7.3 \u2013\u00a0Cookie di terze parti<br \/>\nLa presente privacy policy non si applica ai servizi forniti da terze parti, e questo sito non ha alcun controllo sui loro cookie, interamente gestiti dalle terze parti, e non ha alcun accesso alle informazioni raccolte tramite detti cookie. In conseguenza di ci\u00f2 le informazioni sull\u2019uso dei cookie di terze parti, sulle finalit\u00e0 degli stessi, nonch\u00e9 sulle modalit\u00e0 per l\u2019eventuale disabilitazione, sono fornite direttamente dalle terze parti alle pagine indicate di seguito.<br \/>\nGeneralmente il tracciamento degli utenti non comporta identificazione dello stesso, a meno che l\u2019Utente non sia gi\u00e0 iscritto al servizio e non sia anche gi\u00e0 loggato, nel qual caso si intende che l\u2019Utente ha gi\u00e0 espresso il suo consenso direttamente alla terza parte al momento dell\u2019iscrizione al relativo servizio (es. Facebook).<br \/>\nIn particolare il presente sito utilizza cookie delle seguenti terze parti.<br \/>\n7.3.1 \u2013 Google Inc.<br \/>\n\u2013 Google Analytics: strumento di analisi web utilizzato al fine di consentirci di esaminare l\u2019uso del sito da parte degli utenti, compilare report sulle attivit\u00e0 del sito e il comportamento degli utenti, verificare quanto spesso gli utenti visitano il sito, come il sito viene rintracciato e quali pagine sono visitate pi\u00f9 frequentemente. Le informazioni sono combinate da Google con informazioni raccolte da altri siti al fine di creare un quadro comparativo dell\u2019uso del sito rispetto ad altri siti delle medesima categoria.<br \/>\nDati raccolti: identificativo del browser, data e orario di interazione col sito, pagina di provenienza, IP.<br \/>\nLuogo di trattamento dei dati: USA.<br \/>\nI dati raccolti non consentono l\u2019identificazione personale degli utenti, e non sono incrociati con altre informazioni relative alla stessa persona. Sono trattati in forma aggregata e anonimizzati (troncati all\u2019ultimo ottetto). In base ad apposito accordo \u00e8 vietato a Google Inc. l\u2019incrocio di tali dati con quelli ricavati da altri servizi.<br \/>\n\u2013 DoubleClick: filiale di Google Inc. che fornisce servizi pubblicitari online personalizzati in base al comportamento e agli interessi degli utenti. I cookie (DART cookie) sono impostati all\u2019accesso di un sito che contiene pubblicit\u00e0 di DoubleClick (AdSense), e sono usati per pubblicare annunci personalizzati in base agli interessi dell\u2019Utente sul presente sito, e per evitare che gli annunci siano ripetuti.<br \/>\nDati raccolti: comportamento degli utenti, pagine di partenza e di arrivo sul sito, pagine di uscita, indirizzo IP, dati del browser, dati del dispositivo, sistema operativo, provider, data e ora,<br \/>\nLuogo di trattamento dei dati: USA.<br \/>\nI cookie di DoubleClick non contengono informazioni che consentono l\u2019identificazione personale degli utenti. A volte il cookie contiene un identificatore supplementare utilizzato solo per identificare una campagna pubblicitaria a cui \u00e8 stato esposto un Utente in precedenza.<br \/>\n\u2013 Google Maps: servizio di Google che offre mappe stradali e localizzazione per le imprese urbane. Imposta cookie sulle pagine delle mappe.<br \/>\nDati raccolti: numero e comportamento degli utenti delle mappe, informazioni relative alla pagina visualizzata, preferenze sulla visualizzazione (livello di zoom, ecc\u2026).<br \/>\nLuogo di trattamento dei dati: USA.<br \/>\n\u2013 Youtube: piattaforma, di propriet\u00e0 di Google, per la condivisione di video. I cookie sono impostati all\u2019accesso della pagine contenente l\u2019embed, e all\u2019avvio del video, e non consentono l\u2019identificazione dell\u2019Utente a meno che non sia gi\u00e0 loggato nel profilo Google, nel quale caso si intende che l\u2019Utente abbia gi\u00e0 espresso il consenso direttamente a Google.<br \/>\nPer alcuni video presenti sul sito \u00e8 stata attivata l\u2019opzione \u201cprivacy avanzata\u00a0<a style=\"transition: color 0.11s ease-in-out 0s; color: #0073aa;\" href=\"https:\/\/support.google.com\/youtube\/answer\/171780?expand=PrivacyEnhancedMode#privacy\">https:\/\/support.google.com\/youtube\/answer\/171780?expand=PrivacyEnhancedMode#privacy<\/a>\u00a0(no cookie)\u201d che non prevede la memorizzazione di informazioni sui visitatori a meno che non riproducano volontariamente il video.<br \/>\nDati raccolti: numero e comportamento degli utenti del servizio, indirizzo IP, informazioni che collegano le visite al sito all\u2019account Google per gli utenti gi\u00e0 loggati, preferenze sulla visualizzazione dei video.<br \/>\nLuogo di trattamento dei dati: USA.<br \/>\nDisabilitazione dei cookie di Google Inc.<br \/>\nI dati trasmessi a Google sono depositati presso i server di Google negli Stati Uniti. Per ulteriori informazioni sull\u2019uso dei dati e sul loro trattamento da parte di Google si raccomanda di prendere visione della informativa di Google al seguente indirizzo internet:\u00a0<a style=\"transition: color 0.11s ease-in-out 0s; color: #0073aa;\" href=\"https:\/\/www.google.com\/intl\/it\/policies\/privacy\/\">https:\/\/www.google.com\/intl\/it\/policies\/privacy\/<\/a>.<br \/>\nUlteriori informazioni sui cookies di Google Analytics si trovano alla seguente pagina:\u00a0<a style=\"transition: color 0.11s ease-in-out 0s; color: #0073aa;\" href=\"https:\/\/developers.google.com\/analytics\/devguides\/collection\/analyticsjs\/cookie-usage\">https:\/\/developers.google.com\/analytics\/devguides\/collection\/analyticsjs\/cookie-usage<\/a>.<br \/>\nL\u2019Utente pu\u00f2 disabilitare in modo selettivo l\u2019azione di Google Analytics installando sul proprio browser l\u2019apposito componente fornito da Google (opt out). Per disabilitare la raccolta di dati da parte di Google Analytics, si rinvia al link di seguito indicato:\u00a0<a style=\"transition: color 0.11s ease-in-out 0s; color: #0073aa;\" href=\"https:\/\/tools.google.com\/dlpage\/gaoptout\">https:\/\/tools.google.com\/dlpage\/gaoptout<\/a>.<br \/>\nL\u2019Utente pu\u00f2 disabilitare in modo selettivo il DoubleClick DART Cookie impedendone il collegamento con il suo browser, all\u2019apposita pagina web:\u00a0<a style=\"transition: color 0.11s ease-in-out 0s; color: #0073aa;\" href=\"https:\/\/adssettings.google.it\/authenticated?hl=it#display_optout\">https:\/\/adssettings.google.it\/authenticated?hl=it#display_optout<\/a>.<br \/>\n7.3.2 \u2013\u00a0Facebook<br \/>\n\u2013 Remarketing e Custom Audience: impostato per pubblicare annunci personalizzati in base agli interessi dell\u2019Utente presente sul sito. Anche alcuni partner pubblicitari di Facebook possono usare cookie e tecnologie similari per il tracciamento degli utenti.<br \/>\nLuogo di trattamento dei dati: USA.<br \/>\nInformativa privacy di Facebook:\u00a0<a style=\"transition: color 0.11s ease-in-out 0s; color: #0073aa;\" href=\"https:\/\/www.facebook.com\/about\/privacy\/\">https:\/\/www.facebook.com\/about\/privacy\/<\/a>.<br \/>\nPer ulteriori informazioni sull\u2019uso e le finalit\u00e0 dei cookie da parte di Facebook si raccomanda di prendere visione delle informazioni al seguente indirizzo web:\u00a0<a style=\"transition: color 0.11s ease-in-out 0s; color: #0073aa;\" href=\"https:\/\/www.facebook.com\/help\/cookies\/update\">https:\/\/www.facebook.com\/help\/cookies\/update<\/a>.<br \/>\nL\u2019Utente pu\u00f2 disabilitare in modo selettivo l\u2019azione di Facebook Remarketing all\u2019apposita pagina web della Digital Advertising Alliance: http:\/\/optout.aboutads.info\/.<br \/>\n7.3.3 \u2013 Social Plugin<br \/>\nIl presente sito incorpora anche plugin e\/o bottoni per i social network, al fine di consentire una facile condivisione dei contenuti sui vostri social network preferiti. Tali plugin non impostano un cookie, ma se esso \u00e8 gi\u00e0 presente sul computer del visitatore sono in grado di leggerlo ed utilizzarlo secondo le sue impostazioni. La raccolta e l\u2019uso delle informazioni da parte di tali terzi sono regolati dalle rispettive informative privacy alle quali si prega di fare riferimento.<br \/>\nFacebook<br \/>\nhttps:\/\/www.facebook.com\/about\/privacy\/ (link informativa cookie\u00a0<a style=\"transition: color 0.11s ease-in-out 0s; color: #0073aa;\" href=\"https:\/\/www.facebook.com\/help\/cookies\/\">https:\/\/www.facebook.com\/help\/cookies\/<\/a>)<br \/>\nInstagram<br \/>\nLink informativa cookie e privacy (<a style=\"transition: color 0.11s ease-in-out 0s; color: #0073aa;\" href=\"https:\/\/help.instagram.com\/196883487377501\">https:\/\/help.instagram.com\/196883487377501<\/a>)<br \/>\nTwitter<br \/>\n<a style=\"transition: color 0.11s ease-in-out 0s; color: #0073aa;\" href=\"https:\/\/twitter.com\/privacy?lang=it\">https:\/\/twitter.com\/privacy?lang=it<\/a>\u00a0(link informativa cookie\u00a0<a style=\"transition: color 0.11s ease-in-out 0s; color: #0073aa;\" href=\"https:\/\/support.twitter.com\/articles\/20170519-uso-dei-cookie-e-di-altre-tecnologiesimili-da-parte-di-twitter\">https:\/\/support.twitter.com\/articles\/20170519-uso-dei-cookie-e-di-altre-tecnologiesimili-da-parte-di-twitter<\/a>\u00a0)<br \/>\nLinkedIn<br \/>\n<a style=\"transition: color 0.11s ease-in-out 0s; color: #0073aa;\" href=\"https:\/\/www.linkedin.com\/legal\/privacy-policy\">https:\/\/www.linkedin.com\/legal\/privacy-policy<\/a>\u00a0(link informativa cookie\u00a0<a style=\"transition: color 0.11s ease-in-out 0s; color: #0073aa;\" href=\"https:\/\/www.linkedin.com\/legal\/cookie-policy\">https:\/\/www.linkedin.com\/legal\/cookie-policy<\/a>)<br \/>\nYoutube<br \/>\nLink informativa cookie e privacy (<a style=\"transition: color 0.11s ease-in-out 0s; color: #0073aa;\" href=\"https:\/\/support.google.com\/youtube\/answer\/2801895?hl=it\">https:\/\/support.google.com\/youtube\/answer\/2801895?hl=it<\/a>)<br \/>\nVimeo<br \/>\nLink informativa cookie e privacy(<a style=\"transition: color 0.11s ease-in-out 0s; color: #0073aa;\" href=\"https:\/\/help.vimeo.com\/hc\/en-us\/articles\/224817847-Privacy-settings-overview\">https:\/\/help.vimeo.com\/hc\/en-us\/articles\/224817847-Privacy-settings-overview<\/a>)<br \/>\nVhosting<br \/>\nLink informativa cookie e privacy (https:\/\/www.vhosting-it.com\/privacy-cookie-policy)<br \/>\n8 \u2013 Misure di sicurezza<br \/>\nIl Titolare del trattamento tratta i dati dei visitatori\/utenti in maniera lecita e corretta, adottando le opportune misure di sicurezza volte ad impedire accessi non autorizzati, divulgazione, modifica o distruzione non autorizzata dei dati, nonch\u00e9 usi illeciti dei dati. Il trattamento viene effettuato mediante strumenti informatici e\/o telematici, con modalit\u00e0 organizzative e con logiche strettamente correlate alle finalit\u00e0 indicate, e i dati sono memorizzati e conservati in strutture sicure con limitazioni di accesso e verifica del personale. L\u2019accesso alla informazioni \u00e8 rigorosamente limitato al personale autorizzato.<br \/>\nIl sito web \u00e8 costantemente monitorato per verificare eventuali violazioni della sicurezza ed assicurare che le informazioni siano al sicuro.<br \/>\nOltre al Titolare, in alcuni casi, potrebbero avere accesso ai dati categorie di incaricati coinvolti nell\u2019organizzazione del sito (personale amministrativo, commerciale, marketing, legali, amministratori di sistema) ovvero soggetti esterni (come fornitori di servizi tecnici terzi, corrieri postali, hosting provider, societ\u00e0 informatiche, agenzie di comunicazione).<br \/>\n\u00c8 importante che tu adotti idonee protezioni contro l\u2019accesso non autorizzato alla tua password ed al tuo computer. Accertati sempre di esserti disconnesso quando utilizzi un computer condiviso con altri utenti.<\/p>\n<p style=\"-webkit-font-smoothing: antialiased; color: #1c1c1c; font-family: Quicksand, Quicksand; font-size: 16px; font-style: normal; font-weight: 400; letter-spacing: normal; text-transform: none; text-decoration-style: initial; text-decoration-color: initial;\">9 \u2013 Diritti dell\u2019Utente<br \/>\nAi sensi dell\u2019art. 7 del D. Lgs. 30 giugno 2003, n. 196\u00a0<a style=\"transition: color 0.11s ease-in-out 0s; color: #0073aa;\" href=\"http:\/\/www.garanteprivacy.it\/web\/guest\/home\/docweb\/-\/docweb-display\/docweb\/1311248\">http:\/\/www.garanteprivacy.it\/web\/guest\/home\/docweb\/-\/docweb-display\/docweb\/1311248<\/a>\u00a0e del Regolamento Generale per la protezione dati personali, l\u2019Utente pu\u00f2, secondo le modalit\u00e0 e nei limiti previsti dalla vigente normativa:<\/p>\n<ul style=\"padding-left: 1rem; color: #1c1c1c; font-family: Quicksand, Quicksand;\">\n<li style=\"line-height: 1.8;\">Opporsi in tutto o in parte, per motivi legittimi al trattamento dei dati personali che lo riguardano ai fini di invio di materiale pubblicitario o di vendita diretta o per il compimento di ricerche di mercato o di comunicazione commerciale;<\/li>\n<li style=\"line-height: 1.8;\">Richiedere la conferma dell\u2019esistenza di dati personali che lo riguardano;<\/li>\n<li style=\"line-height: 1.8;\">Conoscerne l\u2019origine;<\/li>\n<li style=\"line-height: 1.8;\">Riceverne comunicazione intelligibile;<\/li>\n<li style=\"line-height: 1.8;\">Avere informazioni circa la logica, le modalit\u00e0 e le finalit\u00e0 del trattamento;<\/li>\n<li style=\"line-height: 1.8;\">richiederne l\u2019aggiornamento, la rettifica, l\u2019integrazione, la cancellazione, la trasformazione in forma anonima, il blocco dei dati trattati in violazione di legge, ivi compresi quelli non pi\u00f9 necessari al perseguimento degli scopi per i quali sono stati raccolti;<\/li>\n<li style=\"line-height: 1.8;\">nei casi di trattamento basato su consenso, ricevere al solo costo dell\u2019eventuale supporto, i suoi dati forniti al titolare, in forma strutturata e leggibile da un elaboratore di dati e in un formato comunemente usato da un dispositivo elettronico<\/li>\n<li style=\"line-height: 1.8;\">il diritto di presentare un reclamo all\u2019Autorit\u00e0 di controllo (Garante Privacy \u2013 link alla pagina del Garante\u00a0<a style=\"transition: color 0.11s ease-in-out 0s; color: #0073aa;\" href=\"http:\/\/www.garanteprivacy.it\/web\/guest\/home\/docweb\/-\/docweb-display\/docweb\/4535524\">http:\/\/www.garanteprivacy.it\/web\/guest\/home\/docweb\/-\/docweb-display\/docweb\/4535524<\/a>);<\/li>\n<li style=\"line-height: 1.8;\">Nonch\u00e9, pi\u00f9 in generale, esercitare tutti i diritti che gli sono riconosciuti dalle vigenti disposizioni di legge.<\/li>\n<\/ul>\n<p style=\"-webkit-font-smoothing: antialiased; color: #1c1c1c; font-family: Quicksand, Quicksand; font-size: 16px; font-style: normal; font-weight: 400; letter-spacing: normal; text-transform: none; text-decoration-style: initial; text-decoration-color: initial;\">Le richieste vanno rivolte al Titolare del trattamento.<\/p>\n<p style=\"-webkit-font-smoothing: antialiased; color: #1c1c1c; font-family: Quicksand, Quicksand; font-size: 16px; font-style: normal; font-weight: 400; letter-spacing: normal; text-transform: none; text-decoration-style: initial; text-decoration-color: initial;\">10 \u2013 Soggetti del trattamento<br \/>\nTitolare del trattamento ai sensi delle leggi vigenti \u00e8: Serena Nicoletti con sede a Catania, Italy, contattabile alla mail info@www.serenanicoletti.it.<\/p>\n<p style=\"-webkit-font-smoothing: antialiased; color: #1c1c1c; font-family: Quicksand, Quicksand; font-size: 16px; font-style: normal; font-weight: 400; letter-spacing: normal; text-transform: none; text-decoration-style: initial; text-decoration-color: initial;\">La presente privacy policy \u00e8 aggiornata alla data del 08\/10\/2020.<\/p>","protected":false},"excerpt":{"rendered":"<p>INFORMATIVA PRIVACY\u00a0\u2013 Serena Nicoletti Fotografia con sede a Catania, Italy. In ottemperanza degli obblighi derivanti dalla normativa nazionale (Codice Privacy) e comunitaria (Regolamento Generale europeo n. 679\/2016) in materia di tutela dei dati personali, Serena Nicoletti Fotografia rispetta e tutela la riservatezza dei visitatori e degli utenti. La presente informativa privacy si applica sia alla &hellip; <a href=\"https:\/\/www.serenanicoletti.it\/en\/privacy-policy\/\" class=\"more-link\">Continue reading<span class=\"screen-reader-text\"> &#8220;Privacy Policy&#8221;<\/span><\/a><\/p>","protected":false},"author":1,"featured_media":0,"parent":0,"menu_order":0,"comment_status":"closed","ping_status":"open","template":"","meta":[],"yoast_head":"<!-- This site is optimized with the Yoast SEO plugin v18.4.1 - https:\/\/yoast.com\/wordpress\/plugins\/seo\/ -->\n<title>Privacy Policy - Serena Nicoletti Fotografia<\/title>\n<meta name=\"robots\" content=\"noindex, nofollow\" \/>\n<meta property=\"og:locale\" content=\"en_GB\" \/>\n<meta property=\"og:type\" content=\"article\" \/>\n<meta property=\"og:title\" content=\"Privacy Policy - Serena Nicoletti Fotografia\" \/>\n<meta property=\"og:description\" content=\"INFORMATIVA PRIVACY\u00a0\u2013 Serena Nicoletti Fotografia con sede a Catania, Italy. In ottemperanza degli obblighi derivanti dalla normativa nazionale (Codice Privacy) e comunitaria (Regolamento Generale europeo n. 679\/2016) in materia di tutela dei dati personali, Serena Nicoletti Fotografia rispetta e tutela la riservatezza dei visitatori e degli utenti. La presente informativa privacy si applica sia alla &hellip; Continue reading &quot;Privacy Policy&quot;\" \/>\n<meta property=\"og:url\" content=\"https:\/\/www.serenanicoletti.it\/en\/privacy-policy\/\" \/>\n<meta property=\"og:site_name\" content=\"Serena Nicoletti Fotografia\" \/>\n<meta property=\"article:publisher\" content=\"https:\/\/facebook.com\/serenanicoletti.it\/\" \/>\n<meta property=\"article:modified_time\" content=\"2020-10-08T15:22:15+00:00\" \/>\n<meta name=\"twitter:label1\" content=\"Estimated reading time\" \/>\n\t<meta name=\"twitter:data1\" content=\"18 minutes\" \/>\n<script type=\"application\/ld+json\" class=\"yoast-schema-graph\">{\"@context\":\"https:\/\/schema.org\",\"@graph\":[{\"@type\":\"Organization\",\"@id\":\"https:\/\/www.serenanicoletti.it\/#organization\",\"name\":\"Serena Nicoletti Fotografia\",\"url\":\"https:\/\/www.serenanicoletti.it\/\",\"sameAs\":[\"https:\/\/facebook.com\/serenanicoletti.it\/\",\"https:\/\/www.instagram.com\/serena_nicoletti_fotografia\/\"],\"logo\":{\"@type\":\"ImageObject\",\"@id\":\"https:\/\/www.serenanicoletti.it\/#logo\",\"inLanguage\":\"en-GB\",\"url\":\"https:\/\/www.serenanicoletti.it\/wp-content\/uploads\/2020\/07\/Tavoladisegno1-2.png\",\"contentUrl\":\"https:\/\/www.serenanicoletti.it\/wp-content\/uploads\/2020\/07\/Tavoladisegno1-2.png\",\"width\":415,\"height\":560,\"caption\":\"Serena Nicoletti Fotografia\"},\"image\":{\"@id\":\"https:\/\/www.serenanicoletti.it\/#logo\"}},{\"@type\":\"WebSite\",\"@id\":\"https:\/\/www.serenanicoletti.it\/#website\",\"url\":\"https:\/\/www.serenanicoletti.it\/\",\"name\":\"Serena Nicoletti Fotografia\",\"description\":\"Fotografia\",\"publisher\":{\"@id\":\"https:\/\/www.serenanicoletti.it\/#organization\"},\"potentialAction\":[{\"@type\":\"SearchAction\",\"target\":{\"@type\":\"EntryPoint\",\"urlTemplate\":\"https:\/\/www.serenanicoletti.it\/?s={search_term_string}\"},\"query-input\":\"required name=search_term_string\"}],\"inLanguage\":\"en-GB\"},{\"@type\":\"WebPage\",\"@id\":\"https:\/\/www.serenanicoletti.it\/privacy-policy\/#webpage\",\"url\":\"https:\/\/www.serenanicoletti.it\/privacy-policy\/\",\"name\":\"Privacy Policy - Serena Nicoletti Fotografia\",\"isPartOf\":{\"@id\":\"https:\/\/www.serenanicoletti.it\/#website\"},\"datePublished\":\"2020-03-25T15:04:30+00:00\",\"dateModified\":\"2020-10-08T15:22:15+00:00\",\"breadcrumb\":{\"@id\":\"https:\/\/www.serenanicoletti.it\/privacy-policy\/#breadcrumb\"},\"inLanguage\":\"en-GB\",\"potentialAction\":[{\"@type\":\"ReadAction\",\"target\":[\"https:\/\/www.serenanicoletti.it\/privacy-policy\/\"]}]},{\"@type\":\"BreadcrumbList\",\"@id\":\"https:\/\/www.serenanicoletti.it\/privacy-policy\/#breadcrumb\",\"itemListElement\":[{\"@type\":\"ListItem\",\"position\":1,\"name\":\"Home\",\"item\":\"https:\/\/www.serenanicoletti.it\/\"},{\"@type\":\"ListItem\",\"position\":2,\"name\":\"Privacy Policy\"}]}]}<\/script>\n<!-- \/ Yoast SEO plugin. -->","yoast_head_json":{"title":"Privacy Policy - Serena Nicoletti Fotografia","robots":{"index":"noindex","follow":"nofollow"},"og_locale":"en_GB","og_type":"article","og_title":"Privacy Policy - Serena Nicoletti Fotografia","og_description":"INFORMATIVA PRIVACY\u00a0\u2013 Serena Nicoletti Fotografia con sede a Catania, Italy. In ottemperanza degli obblighi derivanti dalla normativa nazionale (Codice Privacy) e comunitaria (Regolamento Generale europeo n. 679\/2016) in materia di tutela dei dati personali, Serena Nicoletti Fotografia rispetta e tutela la riservatezza dei visitatori e degli utenti. La presente informativa privacy si applica sia alla &hellip; Continue reading \"Privacy Policy\"","og_url":"https:\/\/www.serenanicoletti.it\/en\/privacy-policy\/","og_site_name":"Serena Nicoletti Fotografia","article_publisher":"https:\/\/facebook.com\/serenanicoletti.it\/","article_modified_time":"2020-10-08T15:22:15+00:00","twitter_misc":{"Estimated reading time":"18 minutes"},"schema":{"@context":"https:\/\/schema.org","@graph":[{"@type":"Organization","@id":"https:\/\/www.serenanicoletti.it\/#organization","name":"Serena Nicoletti Fotografia","url":"https:\/\/www.serenanicoletti.it\/","sameAs":["https:\/\/facebook.com\/serenanicoletti.it\/","https:\/\/www.instagram.com\/serena_nicoletti_fotografia\/"],"logo":{"@type":"ImageObject","@id":"https:\/\/www.serenanicoletti.it\/#logo","inLanguage":"en-GB","url":"https:\/\/www.serenanicoletti.it\/wp-content\/uploads\/2020\/07\/Tavoladisegno1-2.png","contentUrl":"https:\/\/www.serenanicoletti.it\/wp-content\/uploads\/2020\/07\/Tavoladisegno1-2.png","width":415,"height":560,"caption":"Serena Nicoletti Fotografia"},"image":{"@id":"https:\/\/www.serenanicoletti.it\/#logo"}},{"@type":"WebSite","@id":"https:\/\/www.serenanicoletti.it\/#website","url":"https:\/\/www.serenanicoletti.it\/","name":"Serena Nicoletti Fotografia","description":"Fotografia","publisher":{"@id":"https:\/\/www.serenanicoletti.it\/#organization"},"potentialAction":[{"@type":"SearchAction","target":{"@type":"EntryPoint","urlTemplate":"https:\/\/www.serenanicoletti.it\/?s={search_term_string}"},"query-input":"required name=search_term_string"}],"inLanguage":"en-GB"},{"@type":"WebPage","@id":"https:\/\/www.serenanicoletti.it\/privacy-policy\/#webpage","url":"https:\/\/www.serenanicoletti.it\/privacy-policy\/","name":"Privacy Policy - Serena Nicoletti Fotografia","isPartOf":{"@id":"https:\/\/www.serenanicoletti.it\/#website"},"datePublished":"2020-03-25T15:04:30+00:00","dateModified":"2020-10-08T15:22:15+00:00","breadcrumb":{"@id":"https:\/\/www.serenanicoletti.it\/privacy-policy\/#breadcrumb"},"inLanguage":"en-GB","potentialAction":[{"@type":"ReadAction","target":["https:\/\/www.serenanicoletti.it\/privacy-policy\/"]}]},{"@type":"BreadcrumbList","@id":"https:\/\/www.serenanicoletti.it\/privacy-policy\/#breadcrumb","itemListElement":[{"@type":"ListItem","position":1,"name":"Home","item":"https:\/\/www.serenanicoletti.it\/"},{"@type":"ListItem","position":2,"name":"Privacy Policy"}]}]}},"_links":{"self":[{"href":"https:\/\/www.serenanicoletti.it\/en\/wp-json\/wp\/v2\/pages\/3"}],"collection":[{"href":"https:\/\/www.serenanicoletti.it\/en\/wp-json\/wp\/v2\/pages"}],"about":[{"href":"https:\/\/www.serenanicoletti.it\/en\/wp-json\/wp\/v2\/types\/page"}],"author":[{"embeddable":true,"href":"https:\/\/www.serenanicoletti.it\/en\/wp-json\/wp\/v2\/users\/1"}],"replies":[{"embeddable":true,"href":"https:\/\/www.serenanicoletti.it\/en\/wp-json\/wp\/v2\/comments?post=3"}],"version-history":[{"count":0,"href":"https:\/\/www.serenanicoletti.it\/en\/wp-json\/wp\/v2\/pages\/3\/revisions"}],"wp:attachment":[{"href":"https:\/\/www.serenanicoletti.it\/en\/wp-json\/wp\/v2\/media?parent=3"}],"curies":[{"name":"wp","href":"https:\/\/api.w.org\/{rel}","templated":true}]}}